{"id":7,"date":"2016-08-21T19:43:22","date_gmt":"2016-08-21T19:43:22","guid":{"rendered":"http:\/\/esch-taunus.de\/?page_id=7"},"modified":"2021-01-11T11:03:23","modified_gmt":"2021-01-11T10:03:23","slug":"strassen","status":"publish","type":"page","link":"https:\/\/esch-taunus.de\/?page_id=7","title":{"rendered":"Stra\u00dfen"},"content":{"rendered":"\n<p>Esch ist seit je her von wichtigen Durchgangsstra\u00dfen gepr\u00e4gt, so der heutigen B 8 (<a href=\"https:\/\/esch-taunus.de\/?page_id=9\" data-type=\"page\" data-id=\"9\">Frankfurter Stra\u00dfe<\/a> \/ <a href=\"https:\/\/esch-taunus.de\/?page_id=639\" data-type=\"page\" data-id=\"639\">Limburger Stra\u00dfe<\/a>) und der B 275 (<a href=\"https:\/\/esch-taunus.de\/?page_id=85\" data-type=\"page\" data-id=\"85\">Schwalbacher Stra\u00dfe<\/a>). Aufgrund dessen siedelten sich entsprechende Betriebe an, es gab zahlreiche Gasth\u00e4user, die Menschen verdingten sich mit Fuhr- und Umspanndienstensten, im 20. Jahrhundert gab es zweitweise gar zwei Tankstelle im Ort.<\/p>\n\n\n\n<p>Die Bebauung orientierte sich lange Zeit an den Verbindungsstra\u00dfe und konzentrierte sich daher auf die genannten Hauptstra\u00dfen, den <a href=\"https:\/\/esch-taunus.de\/?page_id=577\" data-type=\"page\" data-id=\"577\">Heftricher Weg<\/a> und den W\u00f6rsdorfer Weg. Im Verlauf des 20. Jahrhunderts kamen, insbesondere nach dem 2. Weltkrieg aufgrund des steigenden Bedarfs an Wohnraum, Neubaugebiete am <a href=\"https:\/\/esch-taunus.de\/?p=1944\" data-type=\"post\" data-id=\"1944\">Kohlberg<\/a> und auf der Schur hinzu.<\/p>\n\n\n\n<figure class=\"wp-block-image size-large\"><img loading=\"lazy\" decoding=\"async\" width=\"1024\" height=\"730\" src=\"https:\/\/esch-taunus.de\/wp-content\/uploads\/2017\/12\/img011b-1024x730.jpg\" alt=\"\" class=\"wp-image-2139\" srcset=\"https:\/\/esch-taunus.de\/wp-content\/uploads\/2017\/12\/img011b-1024x730.jpg 1024w, https:\/\/esch-taunus.de\/wp-content\/uploads\/2017\/12\/img011b-300x214.jpg 300w, https:\/\/esch-taunus.de\/wp-content\/uploads\/2017\/12\/img011b-768x547.jpg 768w, https:\/\/esch-taunus.de\/wp-content\/uploads\/2017\/12\/img011b-624x445.jpg 624w\" sizes=\"auto, (max-width: 1024px) 100vw, 1024px\" \/><figcaption>Esch um 1961. Postkarte vom Drogerie- und Spirituosengesch\u00e4ft von Irmgard Fl\u00f6ren. Foto von Familie Theo Weller.<\/figcaption><\/figure>\n\n\n\n<p>Im Mittelpunkt des Ortes stand seit dem 17. Jahrhundert der <a href=\"https:\/\/esch-taunus.de\/?p=527\" data-type=\"post\" data-id=\"527\">Stellhof<\/a>, sp\u00e4ter Gerberei Rheingans\/Beulecke. Mit Aufstellung des Dorfentwicklungsplanes 1984 und den \u00dcberlegungen zur Ortsumgehung wurden die Weichen f\u00fcr die weitere Entwicklung gestellt. Nach dem Abriss der Gerberei in den 1990er Jahren wurden mit der <a href=\"https:\/\/esch-taunus.de\/?p=77\" data-type=\"post\" data-id=\"77\">katholischen Kirche<\/a> und dem <a href=\"https:\/\/esch-taunus.de\/?p=595\" data-type=\"post\" data-id=\"595\">Dorfgemeinschaftshaus<\/a> eine neue d\u00f6rfliche Mitte geschaffen. Zeitgleich mit der Einf\u00fchrung der zentralen Erdgasversorgung wurde die <a href=\"https:\/\/esch-taunus.de\/?page_id=90\" data-type=\"page\" data-id=\"90\">Kirchgasse<\/a> neu gestaltet.<\/p>\n\n\n\n<p>Ebenfalls Mitte der 1990er Jahre wurde erstmals wieder eine bedeutsame Erweiterung des Ortes mit dem Gewerbegebiet <a href=\"https:\/\/esch-taunus.de\/?page_id=25\" data-type=\"page\" data-id=\"25\">Auf der Lind<\/a> in Angriff genommen, welches ab den 2010er Jahren um die Stra\u00dfe &#8222;<a href=\"https:\/\/esch-taunus.de\/?p=133\" data-type=\"post\" data-id=\"133\">In der Marschbach<\/a>&#8220; erweitert wurde.<\/p>\n\n\n\n<p>Ab dem Jahr 2019 kam es zu weiteren entscheidenden Impulsen mit der Umsetzung des Bebauungsplanes &#8222;<a href=\"https:\/\/esch-taunus.de\/?page_id=1450\" data-type=\"page\" data-id=\"1450\">Turnhallenweg<\/a>&#8222;, im Zuge dessen auch der Bermbacher Weg von der Kirchgasse abgetrennt wurde. Ende des Jahres 2020 begann die Erschlie\u00dfung des Areals Im Br\u00fchl, wo weitere Wohnbebauung, vor allem aber auch ein Altenpflegeheim entstehen. Diese beiden Ma\u00dfnahmen f\u00fchrten erstmals seit Jahren zu bedeutsamen Zuz\u00fcgen in den Ort.<\/p>\n\n\n\n<table id=\"tablepress-2\" class=\"tablepress tablepress-id-2\">\n<thead>\n<tr class=\"row-1\">\n\t<th class=\"column-1\">Stra\u00dfe<\/th><th class=\"column-2\">Hausnummern<\/th>\n<\/tr>\n<\/thead>\n<tbody class=\"row-striping row-hover\">\n<tr class=\"row-2\">\n\t<td class=\"column-1\"><a href=\"http:\/\/esch-taunus.de\/?page_id=25\">Auf der Lind<\/a><\/td><td class=\"column-2\">1 - 12<\/td>\n<\/tr>\n<tr class=\"row-3\">\n\t<td class=\"column-1\"><a href=\"https:\/\/esch-taunus.de\/?page_id=2501\">Bermbacher Weg<\/a><\/td><td class=\"column-2\">1- 6<\/td>\n<\/tr>\n<tr class=\"row-4\">\n\t<td class=\"column-1\"><a href=\"http:\/\/esch-taunus.de\/?page_id=1392\">Borngasse<\/a><\/td><td class=\"column-2\">1 - 8<\/td>\n<\/tr>\n<tr class=\"row-5\">\n\t<td class=\"column-1\"><a href=\"http:\/\/esch-taunus.de\/?page_id=94\">Emstalstra\u00dfe<\/a><\/td><td class=\"column-2\">1 - 3<\/td>\n<\/tr>\n<tr class=\"row-6\">\n\t<td class=\"column-1\"><a href=\"http:\/\/esch-taunus.de\/?page_id=577\">Eschtalstra\u00dfe<\/a><\/td><td class=\"column-2\">1 - 27<\/td>\n<\/tr>\n<tr class=\"row-7\">\n\t<td class=\"column-1\"><a href=\"http:\/\/esch-taunus.de\/?page_id=9\">Frankfurter Stra\u00dfe<\/a><\/td><td class=\"column-2\">1 - 29<\/td>\n<\/tr>\n<tr class=\"row-8\">\n\t<td class=\"column-1\"><a href=\"http:\/\/esch-taunus.de\/?page_id=1554\">Hofgasse<\/a><\/td><td class=\"column-2\">1 - 17<\/td>\n<\/tr>\n<tr class=\"row-9\">\n\t<td class=\"column-1\"><a href=\"http:\/\/esch-taunus.de\/?page_id=90\">Kirchgasse<\/a><\/td><td class=\"column-2\">1 - 13<\/td>\n<\/tr>\n<tr class=\"row-10\">\n\t<td class=\"column-1\"><a href=\"http:\/\/esch-taunus.de\/?page_id=639\">Limburger Stra\u00dfe<\/a><\/td><td class=\"column-2\">1 - 8<\/td>\n<\/tr>\n<tr class=\"row-11\">\n\t<td class=\"column-1\"><a href=\"https:\/\/esch-taunus.de\/?page_id=2437\">Lindenstra\u00dfe<\/a><\/td><td class=\"column-2\">1 - 14<\/td>\n<\/tr>\n<tr class=\"row-12\">\n\t<td class=\"column-1\"><a href=\"http:\/\/esch-taunus.de\/?page_id=87\">Schulgasse<\/a><\/td><td class=\"column-2\">1 - 14<\/td>\n<\/tr>\n<tr class=\"row-13\">\n\t<td class=\"column-1\"><a href=\"http:\/\/esch-taunus.de\/?page_id=85\">Schwalbacher Stra\u00dfe<\/a><\/td><td class=\"column-2\">1 - 55<\/td>\n<\/tr>\n<tr class=\"row-14\">\n\t<td class=\"column-1\"><a href=\"http:\/\/esch-taunus.de\/?page_id=1450\">Turnhallenweg<\/a><\/td><td class=\"column-2\">1 - 5<\/td>\n<\/tr>\n<tr class=\"row-15\">\n\t<td class=\"column-1\"><a href=\"http:\/\/esch-taunus.de\/?page_id=912\">Wiesenstra\u00dfe<\/a><\/td><td class=\"column-2\">1 - 18<\/td>\n<\/tr>\n<\/tbody>\n<\/table>\n<!-- #tablepress-2 from cache -->\n<p><\/p>\n\n\n<div class=\"wp-block-group\"><div class=\"wp-block-group__inner-container is-layout-flow wp-block-group-is-layout-flow\"><ul class=\"wp-block-latest-posts__list wp-block-latest-posts\"><li><a class=\"wp-block-latest-posts__post-title\" href=\"https:\/\/esch-taunus.de\/?p=2706\">Au\u00dferhalb<\/a><div class=\"wp-block-latest-posts__post-excerpt\">Rund um Esch gibt es einige Orte, die eben &#8222;au\u00dferhalb&#8220; des eigentlichen Ortsgebietes liegen. Das k\u00f6nnen Anlagen wie der Grillplatz, der Sportplatz oder auch die Aussiedlerh\u00f6fe sein. Manche haben eine Adresse an einer Stra\u00dfe, manche auch nicht.<\/div><\/li>\n<li><a class=\"wp-block-latest-posts__post-title\" href=\"https:\/\/esch-taunus.de\/?p=2699\">Im Br\u00fchl<\/a><div class=\"wp-block-latest-posts__post-excerpt\">In der Flur &#8222;Im Br\u00fchl&#8220; liegt zwischen Auf der Schur, Schulgasse und Festplatz ein bislang unbebautes Wiesenareal im Besitz von Hessen Forst. Bereits im Dorfentwicklungsplan Waldems-Esch von 1987 wurde eine Bebauung dieses Areals angeregt. In den 2010er Jahren konkretisierte sich das Vorhaben dort eine Altenpflegeheim zu bauen. Daf\u00fcr kaufte die Gemeinde zun\u00e4chst das Grundst\u00fcck und\u2026\u00a0<a class=\"wp-block-latest-posts__read-more\" href=\"https:\/\/esch-taunus.de\/?p=2699\" rel=\"noopener noreferrer\"><span class=\"screen-reader-text\">Im Br\u00fchl <\/span>weiterlesen<\/a><\/div><\/li>\n<\/ul><\/div><\/div>\n\n\n\n<p>Quellen:<\/p>\n\n\n<div id=\"zotpress-1ea6fe29e0218032a77d1489d6ff16ca\" class=\"zp-Zotpress zp-Zotpress-Bib wp-block-group\">\n\n\t\t<span class=\"ZP_API_USER_ID ZP_ATTR\">3307718<\/span>\n\t\t<span class=\"ZP_ITEM_KEY ZP_ATTR\">{3307718:FSIXGPD6},{3307718:HMC2D95G},{3307718:HIG3HUX7}<\/span>\n\t\t<span class=\"ZP_COLLECTION_ID ZP_ATTR\"><\/span>\n\t\t<span class=\"ZP_TAG_ID ZP_ATTR\"><\/span>\n\t\t<span class=\"ZP_AUTHOR ZP_ATTR\"><\/span>\n\t\t<span class=\"ZP_YEAR ZP_ATTR\"><\/span>\n        <span class=\"ZP_ITEMTYPE ZP_ATTR\"><\/span>\n\t\t<span class=\"ZP_INCLUSIVE ZP_ATTR\">1<\/span>\n\t\t<span class=\"ZP_STYLE ZP_ATTR\">harvard1<\/span>\n\t\t<span class=\"ZP_LIMIT ZP_ATTR\">50<\/span>\n\t\t<span class=\"ZP_SORTBY ZP_ATTR\">default<\/span>\n\t\t<span class=\"ZP_ORDER ZP_ATTR\"><\/span>\n\t\t<span class=\"ZP_TITLE ZP_ATTR\"><\/span>\n\t\t<span class=\"ZP_SHOWIMAGE ZP_ATTR\"><\/span>\n\t\t<span class=\"ZP_SHOWTAGS ZP_ATTR\"><\/span>\n\t\t<span class=\"ZP_DOWNLOADABLE ZP_ATTR\"><\/span>\n\t\t<span class=\"ZP_NOTES ZP_ATTR\"><\/span>\n\t\t<span class=\"ZP_ABSTRACT ZP_ATTR\"><\/span>\n\t\t<span class=\"ZP_CITEABLE ZP_ATTR\"><\/span>\n\t\t<span class=\"ZP_TARGET ZP_ATTR\"><\/span>\n\t\t<span class=\"ZP_URLWRAP ZP_ATTR\"><\/span>\n\t\t<span class=\"ZP_FORCENUM ZP_ATTR\"><\/span>\n        <span class=\"ZP_HIGHLIGHT ZP_ATTR\"><\/span>\n        <span class=\"ZP_POSTID ZP_ATTR\">7<\/span>\n\t\t<span class=\"ZOTPRESS_PLUGIN_URL ZP_ATTR\">https:\/\/esch-taunus.de\/wp-content\/plugins\/zotpress\/<\/span>\n\n\t\t<div class=\"zp-List loading\">\n\t\t\t<div class=\"zp-SEO-Content\">\n\t\t\t\t<span class=\"ZP_JSON ZP_ATTR\">%7B%22status%22%3A%22success%22%2C%22updateneeded%22%3Afalse%2C%22instance%22%3Afalse%2C%22meta%22%3A%7B%22request_last%22%3A0%2C%22request_next%22%3A0%2C%22used_cache%22%3Atrue%7D%2C%22data%22%3A%5B%7B%22key%22%3A%22FSIXGPD6%22%2C%22library%22%3A%7B%22id%22%3A3307718%7D%2C%22meta%22%3A%7B%22creatorSummary%22%3A%22Kreisausschuss%20des%20Rheingau-Taunus-Kreises%22%2C%22parsedDate%22%3A%221990%22%2C%22numChildren%22%3A2%7D%2C%22bib%22%3A%22%26lt%3Bdiv%20class%3D%26quot%3Bcsl-bib-body%26quot%3B%20style%3D%26quot%3Bline-height%3A%201.35%3B%20%26quot%3B%26gt%3B%5Cn%20%20%26lt%3Bdiv%20class%3D%26quot%3Bcsl-entry%26quot%3B%26gt%3BKreisausschuss%20des%20Rheingau-Taunus-Kreises%20%28ed.%29%20%281990%29%20%26lt%3Bi%26gt%3BJahrbuch%20Rheingau-Taunus-Kreis%26lt%3B%5C%2Fi%26gt%3B.%26lt%3B%5C%2Fdiv%26gt%3B%5Cn%26lt%3B%5C%2Fdiv%26gt%3B%22%2C%22data%22%3A%7B%22itemType%22%3A%22book%22%2C%22title%22%3A%22Jahrbuch%20Rheingau-Taunus-Kreis%22%2C%22creators%22%3A%5B%7B%22creatorType%22%3A%22editor%22%2C%22name%22%3A%22Kreisausschuss%20des%20Rheingau-Taunus-Kreises%22%7D%5D%2C%22abstractNote%22%3A%22%22%2C%22date%22%3A%221990%22%2C%22language%22%3A%22%22%2C%22ISBN%22%3A%22%22%2C%22url%22%3A%22%22%2C%22collections%22%3A%5B%22JK8NAIU9%22%5D%2C%22dateModified%22%3A%222021-01-07T10%3A57%3A10Z%22%7D%7D%2C%7B%22key%22%3A%22HMC2D95G%22%2C%22library%22%3A%7B%22id%22%3A3307718%7D%2C%22meta%22%3A%7B%22creatorSummary%22%3A%22Kreisausschu%5Cu00df%20des%20Rheingau-Taunus-Kreises%22%2C%22parsedDate%22%3A%221991%22%2C%22numChildren%22%3A1%7D%2C%22bib%22%3A%22%26lt%3Bdiv%20class%3D%26quot%3Bcsl-bib-body%26quot%3B%20style%3D%26quot%3Bline-height%3A%201.35%3B%20%26quot%3B%26gt%3B%5Cn%20%20%26lt%3Bdiv%20class%3D%26quot%3Bcsl-entry%26quot%3B%26gt%3BKreisausschu%26%23xDF%3B%20des%20Rheingau-Taunus-Kreises%20%28ed.%29%20%281991%29%20%26lt%3Bi%26gt%3BJahrbuch%20Rheingau-Taunus-Kreis%26lt%3B%5C%2Fi%26gt%3B.%26lt%3B%5C%2Fdiv%26gt%3B%5Cn%26lt%3B%5C%2Fdiv%26gt%3B%22%2C%22data%22%3A%7B%22itemType%22%3A%22book%22%2C%22title%22%3A%22Jahrbuch%20Rheingau-Taunus-Kreis%22%2C%22creators%22%3A%5B%7B%22creatorType%22%3A%22editor%22%2C%22name%22%3A%22Kreisausschu%5Cu00df%20des%20Rheingau-Taunus-Kreises%22%7D%5D%2C%22abstractNote%22%3A%22%22%2C%22date%22%3A%221991%22%2C%22language%22%3A%22%22%2C%22ISBN%22%3A%22%22%2C%22url%22%3A%22%22%2C%22collections%22%3A%5B%22JK8NAIU9%22%5D%2C%22dateModified%22%3A%222021-01-05T08%3A18%3A38Z%22%7D%7D%2C%7B%22key%22%3A%22HIG3HUX7%22%2C%22library%22%3A%7B%22id%22%3A3307718%7D%2C%22meta%22%3A%7B%22creatorSummary%22%3A%22Wald%22%2C%22parsedDate%22%3A%222012%22%2C%22numChildren%22%3A0%7D%2C%22bib%22%3A%22%26lt%3Bdiv%20class%3D%26quot%3Bcsl-bib-body%26quot%3B%20style%3D%26quot%3Bline-height%3A%201.35%3B%20%26quot%3B%26gt%3B%5Cn%20%20%26lt%3Bdiv%20class%3D%26quot%3Bcsl-entry%26quot%3B%26gt%3BWald%2C%20H.%20%282012%29%20%26lt%3Bi%26gt%3BEine%20kleine%20Chronik%20von%20Einem%2C%20der%20die%20Stra%26%23xDF%3Ben%20von%20klein%20auf%20erlebt%20und%20auf%20ihnen%20gelebt%20hat%26lt%3B%5C%2Fi%26gt%3B.%20Waldems.%26lt%3B%5C%2Fdiv%26gt%3B%5Cn%26lt%3B%5C%2Fdiv%26gt%3B%22%2C%22data%22%3A%7B%22itemType%22%3A%22book%22%2C%22title%22%3A%22Eine%20kleine%20Chronik%20von%20Einem%2C%20der%20die%20Stra%5Cu00dfen%20von%20klein%20auf%20erlebt%20und%20auf%20ihnen%20gelebt%20hat%22%2C%22creators%22%3A%5B%7B%22creatorType%22%3A%22author%22%2C%22firstName%22%3A%22Helmut%22%2C%22lastName%22%3A%22Wald%22%7D%5D%2C%22abstractNote%22%3A%22%22%2C%22date%22%3A%222012%22%2C%22language%22%3A%22%22%2C%22ISBN%22%3A%22%22%2C%22url%22%3A%22%22%2C%22collections%22%3A%5B%222FJDRJJM%22%5D%2C%22dateModified%22%3A%222016-09-01T09%3A49%3A39Z%22%7D%7D%5D%7D<\/span>\n\n\t\t\t\t<div id=\"zp-ID-7-3307718-FSIXGPD6\" data-zp-author-date='Kreisausschuss-des-Rheingau-Taunus-Kreises-1990' data-zp-date-author='1990-Kreisausschuss-des-Rheingau-Taunus-Kreises' data-zp-date='1990' data-zp-year='1990' data-zp-itemtype='book' class=\"zp-Entry zpSearchResultsItem\">\n<div class=\"csl-bib-body\" style=\"line-height: 1.35; \">\n  <div class=\"csl-entry\">Kreisausschuss des Rheingau-Taunus-Kreises (ed.) (1990) <i>Jahrbuch Rheingau-Taunus-Kreis<\/i>.<\/div>\n<\/div>\n\t\t\t\t<\/div><!-- .zp-Entry .zpSearchResultsItem -->\t\t\t\t<div id=\"zp-ID-7-3307718-HMC2D95G\" data-zp-author-date='Kreisausschu\u00df-des-Rheingau-Taunus-Kreises-1991' data-zp-date-author='1991-Kreisausschu\u00df-des-Rheingau-Taunus-Kreises' data-zp-date='1991' data-zp-year='1991' data-zp-itemtype='book' class=\"zp-Entry zpSearchResultsItem\">\n<div class=\"csl-bib-body\" style=\"line-height: 1.35; \">\n  <div class=\"csl-entry\">Kreisausschu\u00df des Rheingau-Taunus-Kreises (ed.) (1991) <i>Jahrbuch Rheingau-Taunus-Kreis<\/i>.<\/div>\n<\/div>\n\t\t\t\t<\/div><!-- .zp-Entry .zpSearchResultsItem -->\t\t\t\t<div id=\"zp-ID-7-3307718-HIG3HUX7\" data-zp-author-date='Wald-2012' data-zp-date-author='2012-Wald' data-zp-date='2012' data-zp-year='2012' data-zp-itemtype='book' class=\"zp-Entry zpSearchResultsItem\">\n<div class=\"csl-bib-body\" style=\"line-height: 1.35; \">\n  <div class=\"csl-entry\">Wald, H. (2012) <i>Eine kleine Chronik von Einem, der die Stra\u00dfen von klein auf erlebt und auf ihnen gelebt hat<\/i>. Waldems.<\/div>\n<\/div>\n\t\t\t\t<\/div><!-- .zp-Entry .zpSearchResultsItem -->\n\t\t\t<\/div><!-- .zp-zp-SEO-Content -->\n\t\t<\/div><!-- .zp-List -->\n\t<\/div><!--.zp-Zotpress-->\n\n\n\n\n\n<p><\/p>\n","protected":false},"excerpt":{"rendered":"<p>Esch ist seit je her von wichtigen Durchgangsstra\u00dfen gepr\u00e4gt, so der heutigen B 8 (Frankfurter Stra\u00dfe \/ Limburger Stra\u00dfe) und der B 275 (Schwalbacher Stra\u00dfe). Aufgrund dessen siedelten sich entsprechende Betriebe an, es gab zahlreiche Gasth\u00e4user, die Menschen verdingten sich mit Fuhr- und Umspanndienstensten, im 20. Jahrhundert gab es zweitweise gar zwei Tankstelle im Ort. [&hellip;]<\/p>\n","protected":false},"author":1,"featured_media":0,"parent":0,"menu_order":0,"comment_status":"closed","ping_status":"closed","template":"","meta":{"jetpack_post_was_ever_published":false,"footnotes":""},"class_list":["post-7","page","type-page","status-publish","hentry"],"jetpack_shortlink":"https:\/\/wp.me\/P7PAez-7","jetpack_sharing_enabled":true,"jetpack_likes_enabled":true,"_links":{"self":[{"href":"https:\/\/esch-taunus.de\/index.php?rest_route=\/wp\/v2\/pages\/7","targetHints":{"allow":["GET"]}}],"collection":[{"href":"https:\/\/esch-taunus.de\/index.php?rest_route=\/wp\/v2\/pages"}],"about":[{"href":"https:\/\/esch-taunus.de\/index.php?rest_route=\/wp\/v2\/types\/page"}],"author":[{"embeddable":true,"href":"https:\/\/esch-taunus.de\/index.php?rest_route=\/wp\/v2\/users\/1"}],"replies":[{"embeddable":true,"href":"https:\/\/esch-taunus.de\/index.php?rest_route=%2Fwp%2Fv2%2Fcomments&post=7"}],"version-history":[{"count":7,"href":"https:\/\/esch-taunus.de\/index.php?rest_route=\/wp\/v2\/pages\/7\/revisions"}],"predecessor-version":[{"id":2705,"href":"https:\/\/esch-taunus.de\/index.php?rest_route=\/wp\/v2\/pages\/7\/revisions\/2705"}],"wp:attachment":[{"href":"https:\/\/esch-taunus.de\/index.php?rest_route=%2Fwp%2Fv2%2Fmedia&parent=7"}],"curies":[{"name":"wp","href":"https:\/\/api.w.org\/{rel}","templated":true}]}}