{"id":145,"date":"2016-08-22T10:39:21","date_gmt":"2016-08-22T10:39:21","guid":{"rendered":"http:\/\/esch-taunus.de\/?page_id=145"},"modified":"2021-01-06T20:46:15","modified_gmt":"2021-01-06T19:46:15","slug":"wald-und-flur","status":"publish","type":"page","link":"https:\/\/esch-taunus.de\/?page_id=145","title":{"rendered":"Wald und Flur"},"content":{"rendered":"\n<table id=\"tablepress-11\" class=\"tablepress tablepress-id-11\">\n<thead>\n<tr class=\"row-1\">\n\t<td class=\"column-1\"><\/td><th class=\"column-2\">Flurname<\/th><th class=\"column-3\">Art<\/th><th class=\"column-4\">Lage<\/th>\n<\/tr>\n<\/thead>\n<tbody class=\"row-striping row-hover\">\n<tr class=\"row-2\">\n\t<td class=\"column-1\">A<\/td><td class=\"column-2\"><a href=\"http:\/\/esch-taunus.de\/?p=1764\">Adenbach<\/a><\/td><td class=\"column-3\">Wiese<\/td><td class=\"column-4\"><\/td>\n<\/tr>\n<tr class=\"row-3\">\n\t<td class=\"column-1\">A<\/td><td class=\"column-2\"><a href=\"https:\/\/esch-taunus.de\/?p=2410\">Alter Berg<\/a><\/td><td class=\"column-3\">Feld<\/td><td class=\"column-4\"><\/td>\n<\/tr>\n<tr class=\"row-4\">\n\t<td class=\"column-1\">A<\/td><td class=\"column-2\"><a href=\"http:\/\/esch-taunus.de\/?p=123\">\u00c4ppelwoifelsen<\/a><\/td><td class=\"column-3\">Wald<\/td><td class=\"column-4\"><\/td>\n<\/tr>\n<tr class=\"row-5\">\n\t<td class=\"column-1\">A<\/td><td class=\"column-2\"><a href=\"http:\/\/esch-taunus.de\/?p=131\">Alteunner<\/a><\/td><td class=\"column-3\">Wald<\/td><td class=\"column-4\"><\/td>\n<\/tr>\n<tr class=\"row-6\">\n\t<td class=\"column-1\">A<\/td><td class=\"column-2\"><a href=\"http:\/\/esch-taunus.de\/?p=500\">Arbeitsgraben<\/a><\/td><td class=\"column-3\">Gew\u00e4sser<\/td><td class=\"column-4\"><\/td>\n<\/tr>\n<tr class=\"row-7\">\n\t<td class=\"column-1\">A<\/td><td class=\"column-2\"><a href=\"https:\/\/esch-taunus.de\/?p=1944\">Am Kohlberg<\/a><\/td><td class=\"column-3\">Feld und G\u00e4rten<\/td><td class=\"column-4\"><\/td>\n<\/tr>\n<tr class=\"row-8\">\n\t<td class=\"column-1\">A<\/td><td class=\"column-2\"><a href=\"http:\/\/esch-taunus.de\/?page_id=25\">Auf der Bl\u00f6tz<\/a><\/td><td class=\"column-3\">Feld<\/td><td class=\"column-4\"><\/td>\n<\/tr>\n<tr class=\"row-9\">\n\t<td class=\"column-1\">A<\/td><td class=\"column-2\"><a href=\"http:\/\/esch-taunus.de\/?p=1215\">Am wei\u00dfen Stein<\/a><\/td><td class=\"column-3\">Feld<\/td><td class=\"column-4\"><\/td>\n<\/tr>\n<tr class=\"row-10\">\n\t<td class=\"column-1\">A<\/td><td class=\"column-2\"><a href=\"http:\/\/esch-taunus.de\/?p=1206\">Am Dietrich<\/a><\/td><td class=\"column-3\">Wiese<\/td><td class=\"column-4\"><\/td>\n<\/tr>\n<tr class=\"row-11\">\n\t<td class=\"column-1\">D<\/td><td class=\"column-2\"><a href=\"http:\/\/esch-taunus.de\/?p=125\">Dinkelstein<\/a><\/td><td class=\"column-3\">Wald<\/td><td class=\"column-4\"><\/td>\n<\/tr>\n<tr class=\"row-12\">\n\t<td class=\"column-1\">D<\/td><td class=\"column-2\"><a href=\"http:\/\/esch-taunus.de\/?p=131\">D\u00f6rfchen<\/a><\/td><td class=\"column-3\">Wald\/Wiesen<\/td><td class=\"column-4\"><\/td>\n<\/tr>\n<tr class=\"row-13\">\n\t<td class=\"column-1\">E<\/td><td class=\"column-2\"><a href=\"http:\/\/esch-taunus.de\/?p=127\">Emsbach<\/a><\/td><td class=\"column-3\">Gew\u00e4sser<\/td><td class=\"column-4\"><\/td>\n<\/tr>\n<tr class=\"row-14\">\n\t<td class=\"column-1\">E<\/td><td class=\"column-2\"><a href=\"http:\/\/esch-taunus.de\/?p=1430\">Eiserne Masten<\/a><\/td><td class=\"column-3\">Stromleitung<\/td><td class=\"column-4\"><\/td>\n<\/tr>\n<tr class=\"row-15\">\n\t<td class=\"column-1\">H<\/td><td class=\"column-2\"><a href=\"http:\/\/esch-taunus.de\/?p=131\">Harbach<\/a><\/td><td class=\"column-3\">Gew\u00e4sser<\/td><td class=\"column-4\"><\/td>\n<\/tr>\n<tr class=\"row-16\">\n\t<td class=\"column-1\">I<\/td><td class=\"column-2\"><a href=\"http:\/\/esch-taunus.de\/?p=1206\">In der Flut<\/a><\/td><td class=\"column-3\">Weg<\/td><td class=\"column-4\"><\/td>\n<\/tr>\n<tr class=\"row-17\">\n\t<td class=\"column-1\">I<\/td><td class=\"column-2\"><a href=\"http:\/\/esch-taunus.de\/?page_id=1450\">In der Kautwies<\/a><\/td><td class=\"column-3\">Baugebiet<\/td><td class=\"column-4\"><\/td>\n<\/tr>\n<tr class=\"row-18\">\n\t<td class=\"column-1\">I<\/td><td class=\"column-2\"><a href=\"http:\/\/esch-taunus.de\/?p=1764\">Im Loh<\/a><\/td><td class=\"column-3\">Wald<\/td><td class=\"column-4\"><\/td>\n<\/tr>\n<tr class=\"row-19\">\n\t<td class=\"column-1\">I<\/td><td class=\"column-2\"><a href=\"http:\/\/esch-taunus.de\/?p=1206\">Im Madacker<\/a><\/td><td class=\"column-3\">Wiese<\/td><td class=\"column-4\"><\/td>\n<\/tr>\n<tr class=\"row-20\">\n\t<td class=\"column-1\">K<\/td><td class=\"column-2\"><a href=\"http:\/\/esch-taunus.de\/?p=301\">Kurpf\u00e4dchen<\/a><\/td><td class=\"column-3\">Wald<\/td><td class=\"column-4\"><\/td>\n<\/tr>\n<tr class=\"row-21\">\n\t<td class=\"column-1\">K<\/td><td class=\"column-2\"><a href=\"http:\/\/esch-taunus.de\/?p=133\">Kreuzheck<\/a><\/td><td class=\"column-3\">Feld<\/td><td class=\"column-4\"><\/td>\n<\/tr>\n<tr class=\"row-22\">\n\t<td class=\"column-1\">M<\/td><td class=\"column-2\"><a href=\"http:\/\/esch-taunus.de\/?p=133\">Marschbach<\/a><\/td><td class=\"column-3\">Gew\u00e4sser<\/td><td class=\"column-4\"><\/td>\n<\/tr>\n<tr class=\"row-23\">\n\t<td class=\"column-1\">M<\/td><td class=\"column-2\"><a href=\"http:\/\/esch-taunus.de\/?p=135\">Mornheck<\/a><\/td><td class=\"column-3\">Wald<\/td><td class=\"column-4\"><\/td>\n<\/tr>\n<tr class=\"row-24\">\n\t<td class=\"column-1\">N<\/td><td class=\"column-2\"><a href=\"http:\/\/esch-taunus.de\/?p=131\">Nollen<\/a><\/td><td class=\"column-3\">Wald<\/td><td class=\"column-4\"><\/td>\n<\/tr>\n<tr class=\"row-25\">\n\t<td class=\"column-1\">R<\/td><td class=\"column-2\"><a href=\"http:\/\/esch-taunus.de\/?p=131\">Roderunner<\/a><\/td><td class=\"column-3\">Wald<\/td><td class=\"column-4\"><\/td>\n<\/tr>\n<tr class=\"row-26\">\n\t<td class=\"column-1\">R<\/td><td class=\"column-2\"><a href=\"http:\/\/esch-taunus.de\/?p=1252\">Rausch<\/a><\/td><td class=\"column-3\">Wald<\/td><td class=\"column-4\"><\/td>\n<\/tr>\n<tr class=\"row-27\">\n\t<td class=\"column-1\">S<\/td><td class=\"column-2\"><a href=\"http:\/\/esch-taunus.de\/?p=125\">Schie\u00dfplatz<\/a><\/td><td class=\"column-3\">Wald<\/td><td class=\"column-4\"><\/td>\n<\/tr>\n<tr class=\"row-28\">\n\t<td class=\"column-1\">S<\/td><td class=\"column-2\"><a href=\"http:\/\/esch-taunus.de\/?p=137\">Schlabach<\/a><\/td><td class=\"column-3\">Gew\u00e4sser<\/td><td class=\"column-4\"><\/td>\n<\/tr>\n<tr class=\"row-29\">\n\t<td class=\"column-1\">S<\/td><td class=\"column-2\"><a href=\"http:\/\/esch-taunus.de\/?p=1324\">Schr\u00f6\u00dfbach<\/a><\/td><td class=\"column-3\">Wald<\/td><td class=\"column-4\"><\/td>\n<\/tr>\n<tr class=\"row-30\">\n\t<td class=\"column-1\">S<\/td><td class=\"column-2\"><a href=\"http:\/\/esch-taunus.de\/?p=1218\">Steinbr\u00fcche und Lehmgruben<\/a><\/td><td class=\"column-3\">verschieden<\/td><td class=\"column-4\"><\/td>\n<\/tr>\n<tr class=\"row-31\">\n\t<td class=\"column-1\">T<\/td><td class=\"column-2\"><a href=\"https:\/\/esch-taunus.de\/?p=2377\">In der Tiefenbach<\/a><\/td><td class=\"column-3\">Wald<\/td><td class=\"column-4\"><\/td>\n<\/tr>\n<tr class=\"row-32\">\n\t<td class=\"column-1\">V<\/td><td class=\"column-2\"><a href=\"http:\/\/esch-taunus.de\/?p=133\">Vorm Hahn<\/a><\/td><td class=\"column-3\">Feld<\/td><td class=\"column-4\"><\/td>\n<\/tr>\n<tr class=\"row-33\">\n\t<td class=\"column-1\">W<\/td><td class=\"column-2\"><a href=\"http:\/\/esch-taunus.de\/?p=131\">Weichenbach<\/a><\/td><td class=\"column-3\">Wald<\/td><td class=\"column-4\"><\/td>\n<\/tr>\n<tr class=\"row-34\">\n\t<td class=\"column-1\">W<\/td><td class=\"column-2\"><a href=\"http:\/\/esch-taunus.de\/?p=139\">Wingertsberg<\/a><\/td><td class=\"column-3\">Feld<\/td><td class=\"column-4\"><\/td>\n<\/tr>\n<\/tbody>\n<\/table>\n<!-- #tablepress-11 from cache -->\n\n<ul class=\"wp-block-latest-posts__list wp-block-latest-posts\"><li><a class=\"wp-block-latest-posts__post-title\" href=\"https:\/\/esch-taunus.de\/?p=1764\">Adenbach<\/a><div class=\"wp-block-latest-posts__post-excerpt\">Adenbach ist sowohl eine Flurbezeichnung sowie ein kleiner Bachlauf zur Emsbach hin, der im Wald zwischen Esch und W\u00f6rsdorf entspringt. Dieses Waldst\u00fcck tr\u00e4gt den Flurnamen &#8222;Im Loh&#8220;. Beide Bezeichnungen lassen sich viele hundert Jahre zur\u00fcck verfolgen. So belegte Anna Kettenbach, geborene Merkel, 1571 eine Wiese in der Adenbach mit einer Grundschuld, und 1727 gab es\u2026\u00a0<a class=\"wp-block-latest-posts__read-more\" href=\"https:\/\/esch-taunus.de\/?p=1764\" rel=\"noopener noreferrer\"><span class=\"screen-reader-text\">Adenbach <\/span>weiterlesen<\/a><\/div><\/li>\n<li><a class=\"wp-block-latest-posts__post-title\" href=\"https:\/\/esch-taunus.de\/?p=1203\">Ahlen<\/a><div class=\"wp-block-latest-posts__post-excerpt\">Der &#8222;Ahlen&#8220; ist eine schmale Gasse zwischen den H\u00e4usern\u00a0Schwalbacher Stra\u00dfe\u00a019 (ehemals 17, Haus\u00a0Eschenheimer) und 15 (ehemals Baum, dann Niemann, heute Richter). Er endet in der Flur &#8222;An der Limburger Stra\u00dfe&#8220;. Die H\u00e4user dort geh\u00f6ren heute auch postalisch zur\u00a0Limburger Stra\u00dfe, bis vor wenigen Jahren geh\u00f6rten sie als Hausnummer 19a zur Schwalbacher Stra\u00dfe. Ahlen bedeutet sinngem\u00e4\u00df ganz\u2026\u00a0<a class=\"wp-block-latest-posts__read-more\" href=\"https:\/\/esch-taunus.de\/?p=1203\" rel=\"noopener noreferrer\"><span class=\"screen-reader-text\">Ahlen <\/span>weiterlesen<\/a><\/div><\/li>\n<li><a class=\"wp-block-latest-posts__post-title\" href=\"https:\/\/esch-taunus.de\/?p=2410\">Alter Berg<\/a><div class=\"wp-block-latest-posts__post-excerpt\">Als &#8222;Alter Berg&#8220; wird der Teil der alten Landstra\u00dfe von Esch nach Idstein bezeichnet, der am heutigen Busbahnhof auf der LInd durch die Gemarkungen &#8222;Auf der Bl\u00f6tz&#8220; und &#8222;Am Dicken Birnbaum&#8220; steil zu den Streuobstwiesen oberhalb der Gemarkung &#8222;Auf der Marschbach&#8220; f\u00fchrt.<\/div><\/li>\n<li><a class=\"wp-block-latest-posts__post-title\" href=\"https:\/\/esch-taunus.de\/?p=1944\">Am Kohlberg<\/a><div class=\"wp-block-latest-posts__post-excerpt\">Die Flurbezeichnung &#8222;Am Kohlberg&#8220; gilt f\u00fcr das Gebiet zwischen Frankfurter Stra\u00dfe und Eschtalstra\u00dfe, von der Ortslage bis zur Harbach. Sie\u00a0l\u00e4sst sich ab 1789 nachweisen und\u00a0weist m\u00f6glicherweise darauf hin, dass hier fr\u00fcher Kohle in Kohlemeilern gewonnen wurde.\u00a0In den 1950er und 1960er Jahren entstanden dort die Vordere Taunusstra\u00dfe, die Taunusstra\u00dfe, die Bergstra\u00dfe, der Tannenweg und auch die\u2026\u00a0<a class=\"wp-block-latest-posts__read-more\" href=\"https:\/\/esch-taunus.de\/?p=1944\" rel=\"noopener noreferrer\"><span class=\"screen-reader-text\">Am Kohlberg <\/span>weiterlesen<\/a><\/div><\/li>\n<li><a class=\"wp-block-latest-posts__post-title\" href=\"https:\/\/esch-taunus.de\/?p=1215\">Am wei\u00dfen Stein<\/a><div class=\"wp-block-latest-posts__post-excerpt\">Die Flur &#8222;Am Wei\u00dfen Stein&#8220; bezeichnet ein Gebiet mit landwirtschaftlicher Nutzung zwischen Esch und Bermbach. Im Engeren Sinne handelt es sich um die Erhebung vom\u00a0Schlabach\u00a0in Richtung Kreuzheck. Hier verl\u00e4uft eine Hochspannungs-Freileitung. In Bermbach gibt es eine gleichnamige Stra\u00dfe.<\/div><\/li>\n<li><a class=\"wp-block-latest-posts__post-title\" href=\"https:\/\/esch-taunus.de\/?p=123\">\u00c4ppelwoifelsen<\/a><div class=\"wp-block-latest-posts__post-excerpt\">Der &#8222;\u00c4ppelwoifelsen&#8220; war einmal ein beliebter Treffpunkt der \u00f6rtlichen Bev\u00f6lkerung sowie um die Jahrhundertwende der Kurg\u00e4ste im Luftkurort Esch im Taunus. Bei diesen Gelegenheiten wurde wohl auch dem \u00c4ppelwoi, dem hessischen Nationalgetr\u00e4nk, h\u00e4ufig zugesprochen. Der &#8222;Felsen&#8220; ist ein Aussichtspunkt in der Flur &#8222;Rausch&#8220;, von dem aus man eine gute Aussicht in den Goldenen Grund, wie\u2026\u00a0<a class=\"wp-block-latest-posts__read-more\" href=\"https:\/\/esch-taunus.de\/?p=123\" rel=\"noopener noreferrer\"><span class=\"screen-reader-text\">\u00c4ppelwoifelsen <\/span>weiterlesen<\/a><\/div><\/li>\n<li><a class=\"wp-block-latest-posts__post-title\" href=\"https:\/\/esch-taunus.de\/?p=500\">Arbeitsgraben<\/a><div class=\"wp-block-latest-posts__post-excerpt\">Als &#8222;Arbeitsgraben&#8220; oder, je nach Verwendungszweck auch &#8222;M\u00fchlengraben&#8220; genannt, wurden Wasserl\u00e4ufe bezeichnet, die zur Versorgung von M\u00fchlen oder Fabriken mit ben\u00f6tigtem Wasser, entweder zum Antrieb von Maschinen, oder zum verbrauch, genutzt wurden. In Esch gab es mindestens zwei solcher Gr\u00e4ben, die teilweise verzweigt und sehr weitl\u00e4ufig das Ortsgebiet durchschnitten. Erstmals erw\u00e4hnt wird eine Flurbezeichnung &#8222;off\u2026\u00a0<a class=\"wp-block-latest-posts__read-more\" href=\"https:\/\/esch-taunus.de\/?p=500\" rel=\"noopener noreferrer\"><span class=\"screen-reader-text\">Arbeitsgraben <\/span>weiterlesen<\/a><\/div><\/li>\n<li><a class=\"wp-block-latest-posts__post-title\" href=\"https:\/\/esch-taunus.de\/?p=125\">Dinkelstein<\/a><div class=\"wp-block-latest-posts__post-excerpt\">Der Dinkelstein ist die h\u00f6chste Erhebung in der Gemarkung Esch. Er liegt in der Flur 4, im Wald zwischen Bundesstra\u00dfe 8 und Emser Weg, zug\u00e4nglich am besten vom Sportplatz aus. Der Dinkelstein ist zwar 432 m hoch, wird aber aufgrund seiner Lage und der vielen, nahen h\u00f6heren Erhebungen kaum als &#8222;Gipfel&#8220; wahrgenommen. Zudem liegt er\u2026\u00a0<a class=\"wp-block-latest-posts__read-more\" href=\"https:\/\/esch-taunus.de\/?p=125\" rel=\"noopener noreferrer\"><span class=\"screen-reader-text\">Dinkelstein <\/span>weiterlesen<\/a><\/div><\/li>\n<li><a class=\"wp-block-latest-posts__post-title\" href=\"https:\/\/esch-taunus.de\/?p=1430\">Eiserne Masten<\/a><div class=\"wp-block-latest-posts__post-excerpt\">Im engeren Sinn beschreibt diese Bezeichnung zwei Orte an der heutigen Hochspannungsleitung Limburg &#8211; Oberems, die \u00fcber die Escher Gemarkung f\u00fchrt. Ehemals, bis in die 2010er Jahre, gab es eine zweite Leitung, die parallel verlief, und wie die heute noch vorhandene Leitung mit imposanten Gittermasten ausgestattet war. Die zweite Leitung wurde inzwischen abgebaut. Als &#8222;eiserner\u2026\u00a0<a class=\"wp-block-latest-posts__read-more\" href=\"https:\/\/esch-taunus.de\/?p=1430\" rel=\"noopener noreferrer\"><span class=\"screen-reader-text\">Eiserne Masten <\/span>weiterlesen<\/a><\/div><\/li>\n<li><a class=\"wp-block-latest-posts__post-title\" href=\"https:\/\/esch-taunus.de\/?p=127\">Emsbach<\/a><div class=\"wp-block-latest-posts__post-excerpt\">Der Emsbach ist und 45 km lang und flie\u00dft linksseitig bzw. aus s\u00fcdlicher Richtung zur Lahn, wo er gegen\u00fcber Dietkirchen in de Lahn m\u00fcndet. Der Emsbach entspringt zwischen Glaskopf und kleinem Feldberg in der Gemeinde Glash\u00fctten. Er flie\u00dft dann durch Oberems, W\u00fcstems, Niederems und Esch, von dort aus weiter durch den Goldenen Grund bis zur\u2026\u00a0<a class=\"wp-block-latest-posts__read-more\" href=\"https:\/\/esch-taunus.de\/?p=127\" rel=\"noopener noreferrer\"><span class=\"screen-reader-text\">Emsbach <\/span>weiterlesen<\/a><\/div><\/li>\n<li><a class=\"wp-block-latest-posts__post-title\" href=\"https:\/\/esch-taunus.de\/?p=1206\">Flut<\/a><div class=\"wp-block-latest-posts__post-excerpt\">Die &#8222;Flut&#8220; ist ein Hohlweg zwischen Frankfurter Stra\u00dfe und den Fluren &#8222;Im Madacker&#8220; und &#8222;Im Dietrich&#8220; an der\u00a0Emsbach. Gem\u00e4\u00df alter Aufzeichnungen im Hessischen Hauptstaatsarchiv gab es hier die Flurbezeichnung &#8222;en de flout&#8220;, woher der heutige Name stammen d\u00fcrfte. Der Weg zweigt gegen\u00fcber der Einm\u00fcndung zur Taunusstra\u00dfe von der\u00a0Frankfurter Stra\u00dfe\u00a0ab und durchbricht die ansonsten sehr steile\u2026\u00a0<a class=\"wp-block-latest-posts__read-more\" href=\"https:\/\/esch-taunus.de\/?p=1206\" rel=\"noopener noreferrer\"><span class=\"screen-reader-text\">Flut <\/span>weiterlesen<\/a><\/div><\/li>\n<li><a class=\"wp-block-latest-posts__post-title\" href=\"https:\/\/esch-taunus.de\/?p=131\">Harbach<\/a><div class=\"wp-block-latest-posts__post-excerpt\">Der Harbach ist ein rechter Zufluss des Schlabach. Er flie\u00dft von seinem Ursprung zwischen Esch und Oberrod durch einen Taleinschnitt, das nach ihm benannte Harbachtal. Eigentlich im Wald gelegen finden sich hier viele Wiesen, die teilweise noch landwirtschaftlich genutzt werden. Der Harbach flie\u00dft weitgehend parallel zur B 8 in Richtung Eschtalstra\u00dfe und unterquert die L\u2026\u00a0<a class=\"wp-block-latest-posts__read-more\" href=\"https:\/\/esch-taunus.de\/?p=131\" rel=\"noopener noreferrer\"><span class=\"screen-reader-text\">Harbach <\/span>weiterlesen<\/a><\/div><\/li>\n<li><a class=\"wp-block-latest-posts__post-title\" href=\"https:\/\/esch-taunus.de\/?p=301\">Kurpf\u00e4dchen<\/a><div class=\"wp-block-latest-posts__post-excerpt\">Das Kurpf\u00e4dchen, oder Kurp\u00e4dsche, wie der Escher sagt, ist ein Waldweg, der offenbar kurz nach der Jahrhundertwende zum 20. Jahrhundert von der Emstalstra\u00dfe neben der Hammerm\u00fchle durch den Wald zur Frankfurter Stra\u00dfe angelegt wurde. Er diente zum Zugang der Kurg\u00e4ste des damligen Luftkurortes Esch, die h\u00e4ufig in der Villa Waldeck wohnten, zum \u00c4ppelwoifelsen und zum\u2026\u00a0<a class=\"wp-block-latest-posts__read-more\" href=\"https:\/\/esch-taunus.de\/?p=301\" rel=\"noopener noreferrer\"><span class=\"screen-reader-text\">Kurpf\u00e4dchen <\/span>weiterlesen<\/a><\/div><\/li>\n<li><a class=\"wp-block-latest-posts__post-title\" href=\"https:\/\/esch-taunus.de\/?p=133\">Marschbach<\/a><div class=\"wp-block-latest-posts__post-excerpt\">Der Marschbach entspringt unterhalb des sogenannten Escher Kopf unterhalb der Flure &#8222;Vorm Hahn&#8220; und &#8222;Kreuzheck&#8220; in der Flur &#8222;Auf der Marschbach&#8220;, der er seinen Namen gab, und verl\u00e4uft bis zum Gewerbegebiet Auf der Lind im Tal daneben quasi parallel zur B 275. Dort unterquert\u00a0er den Damm, der die Schwalbacher Stra\u00dfe\u00a0zum Ortsausgang in Richtung Idstein f\u00fchrt\u2026\u00a0<a class=\"wp-block-latest-posts__read-more\" href=\"https:\/\/esch-taunus.de\/?p=133\" rel=\"noopener noreferrer\"><span class=\"screen-reader-text\">Marschbach <\/span>weiterlesen<\/a><\/div><\/li>\n<li><a class=\"wp-block-latest-posts__post-title\" href=\"https:\/\/esch-taunus.de\/?p=135\">Mornheck<\/a><div class=\"wp-block-latest-posts__post-excerpt\">Die Mohrnheck ist eine Flurbezeichnung f\u00fcr ein Gebiet in der Flur 9 zwischen der Bundesstra\u00dfe 8 und dem unteren Harbachtal.<\/div><\/li>\n<li><a class=\"wp-block-latest-posts__post-title\" href=\"https:\/\/esch-taunus.de\/?p=2540\">Pfaffenpfad<\/a><div class=\"wp-block-latest-posts__post-excerpt\">Der Pfaffenpfad verbindet Esch und die ehemalige Pfarrfiliale Reinborn auf dem k\u00fcrzesten Weg. Er zweigt direkt an der B 275 seitlich vom Tal der Tiefenbach ab und f\u00fchrt steil bergauf durch den Wald bis ins Feld westlich von Reinborn und von dort aus direkt in den Ort. Der Weg wurde seit alter Zeit von den\u2026\u00a0<a class=\"wp-block-latest-posts__read-more\" href=\"https:\/\/esch-taunus.de\/?p=2540\" rel=\"noopener noreferrer\"><span class=\"screen-reader-text\">Pfaffenpfad <\/span>weiterlesen<\/a><\/div><\/li>\n<li><a class=\"wp-block-latest-posts__post-title\" href=\"https:\/\/esch-taunus.de\/?p=1252\">Rausch<\/a><div class=\"wp-block-latest-posts__post-excerpt\">Die Flurbezeichnung &#8222;Rausch&#8220; bezeichnet das Gebiet zwischen Im Madacker, Emsbach und der Flur\u00a0Schr\u00f6\u00dfbach, wo der Sportplatz liegt. Die s\u00fcd\u00f6stliche Abgrenzung bildet das Habichtstal, die \u00f6stliche der &#8222;erste Sportplatzweg&#8220;, an dem auch der neue Wasserbeh\u00e4lter und die Jagdh\u00fctte liegen. In dem Gebiet befinden sich der \u00c4ppelwoifelsen und, zumindest teilweise, das Kurpf\u00e4dchen.\u00a0Am Forsthaus beginnt der &#8222;Obere Emser\u2026\u00a0<a class=\"wp-block-latest-posts__read-more\" href=\"https:\/\/esch-taunus.de\/?p=1252\" rel=\"noopener noreferrer\"><span class=\"screen-reader-text\">Rausch <\/span>weiterlesen<\/a><\/div><\/li>\n<li><a class=\"wp-block-latest-posts__post-title\" href=\"https:\/\/esch-taunus.de\/?p=137\">Schlabach<\/a><div class=\"wp-block-latest-posts__post-excerpt\">Die Schlabach wurde fr\u00fcher Esch oder Eschbach genannt. Sie ist knapp 6 Kilometer lang und entspringt bei Heftrich, flie\u00dft dann durch die dortige Ortslage und durch die Felder zwischen Esch, Bermbach und Heftrich, dem so genannten Eschtal. Zufl\u00fcsse sind der Kilbach, Bermbach und Harbach. \u00a0 Der Schlabach wurde fr\u00fcher f\u00fcr den Wasserkraft-Antrieb der Riesenm\u00fchle genutzt.\u2026\u00a0<a class=\"wp-block-latest-posts__read-more\" href=\"https:\/\/esch-taunus.de\/?p=137\" rel=\"noopener noreferrer\"><span class=\"screen-reader-text\">Schlabach <\/span>weiterlesen<\/a><\/div><\/li>\n<li><a class=\"wp-block-latest-posts__post-title\" href=\"https:\/\/esch-taunus.de\/?p=1324\">Schr\u00f6\u00dfbach<\/a><div class=\"wp-block-latest-posts__post-excerpt\">Die Schr\u00f6\u00dfbach bezeichnet grob das Gebiet zwischen den Fluren Rausch, Habichtstal und Rothlauf. In der Schr\u00f6\u00dfbach befindet sich der Waldsportplatz des Sportverein 1921 Esch e.V. mit dem Sportlerheim. Dieses Flurst\u00fcck erhielt der Verein in den 1920er Jahren, rodete es und baute die Anlage seither immer weiter aus. In der N\u00e4he des Sportplatzes befindet sich ein\u2026\u00a0<a class=\"wp-block-latest-posts__read-more\" href=\"https:\/\/esch-taunus.de\/?p=1324\" rel=\"noopener noreferrer\"><span class=\"screen-reader-text\">Schr\u00f6\u00dfbach <\/span>weiterlesen<\/a><\/div><\/li>\n<li><a class=\"wp-block-latest-posts__post-title\" href=\"https:\/\/esch-taunus.de\/?p=1218\">Steinbr\u00fcche und Lehmgruben<\/a><div class=\"wp-block-latest-posts__post-excerpt\">Am Ort finden sich Reste von ehemaligen Steinbr\u00fcchen und Lehmgruben. Zu deren Betrieb ist mir wenig bekannt, auch die zeitliche Einordnung f\u00e4llt schwer. Als recht sicher anzusehen ist, dass die Br\u00fcche wie auch die Lehmgruben haupts\u00e4chlich den Bedarf an Baumaterial f\u00fcr den eigenen Ort deckten und nicht der industriellen Fertigung f\u00fcr den Absatz in gro\u00dfem\u2026\u00a0<a class=\"wp-block-latest-posts__read-more\" href=\"https:\/\/esch-taunus.de\/?p=1218\" rel=\"noopener noreferrer\"><span class=\"screen-reader-text\">Steinbr\u00fcche und Lehmgruben <\/span>weiterlesen<\/a><\/div><\/li>\n<li><a class=\"wp-block-latest-posts__post-title\" href=\"https:\/\/esch-taunus.de\/?p=2377\">Tiefenbach<\/a><div class=\"wp-block-latest-posts__post-excerpt\">Der Tiefenbach ist ein rechter Zufluss des Emsbaches und entspringt auf etwa 370 Meter H\u00f6he unterhalb des &#8222;Breiteich&#8220; genannten Gebietes zwischen Reinborn und Steinfischbach. Auf dem Weg zu Ihrer M\u00fcndung in die Emsbach in der N\u00e4he des alten Eisenhammers im Emstal legt die Teifenbach knapp 1,8 Kilometer und rund 100 H\u00f6hemmeter zur\u00fcck. Dabei entsteht ein\u2026\u00a0<a class=\"wp-block-latest-posts__read-more\" href=\"https:\/\/esch-taunus.de\/?p=2377\" rel=\"noopener noreferrer\"><span class=\"screen-reader-text\">Tiefenbach <\/span>weiterlesen<\/a><\/div><\/li>\n<li><a class=\"wp-block-latest-posts__post-title\" href=\"https:\/\/esch-taunus.de\/?p=2709\">Wander- und Radwege<\/a><div class=\"wp-block-latest-posts__post-excerpt\">Rund um Esch erstreckt sich ein eigentlich sehr gut ausgebautes Wanderwege-Netz. Neben den Wegen des Taunusclub gibt es einen Waldemser Rundwanderweg und Wanderwege, die vom Heimatverein Waldems e.V. und den Natur- und Wanderfreunde Steinfischbach 1985 e.V. in der Waldemser Wandertkarte zusammengefasst und entsprechend Markiert wurden. Zudem ber\u00fchren die hessischen Radwanderwege R6 und R8 das Gemeindegebiet,\u2026\u00a0<a class=\"wp-block-latest-posts__read-more\" href=\"https:\/\/esch-taunus.de\/?p=2709\" rel=\"noopener noreferrer\"><span class=\"screen-reader-text\">Wander- und Radwege <\/span>weiterlesen<\/a><\/div><\/li>\n<li><a class=\"wp-block-latest-posts__post-title\" href=\"https:\/\/esch-taunus.de\/?p=139\">Wingertsberg<\/a><div class=\"wp-block-latest-posts__post-excerpt\">Die Flurbezeichnung Wingertsberg bezeichnet im engeren\u00a0Sinne einen Teil der\u00a0Flur 2 der Gemarkung Esch, im weiteren Sinne die Erhebung\u00a0\u00f6stlich der Kreisstra\u00dfe K 714, auch &#8222;Fischbacher Weg&#8220; genannt. Die Flur wird haupts\u00e4chlich landwirtschaftlich genutzt, es existieren sowohl Felder als auch einige, mittlerweile sehr alte, Obstbaumbest\u00e4nde. Urspr\u00fcnglich wird hier weinbau betrieben worden sein, darauf lie\u00dfe der Flurname schlie\u00dfen\u2026\u00a0<a class=\"wp-block-latest-posts__read-more\" href=\"https:\/\/esch-taunus.de\/?p=139\" rel=\"noopener noreferrer\"><span class=\"screen-reader-text\">Wingertsberg <\/span>weiterlesen<\/a><\/div><\/li>\n<\/ul>","protected":false},"excerpt":{"rendered":"","protected":false},"author":1,"featured_media":0,"parent":0,"menu_order":0,"comment_status":"closed","ping_status":"closed","template":"","meta":{"jetpack_post_was_ever_published":false,"footnotes":""},"class_list":["post-145","page","type-page","status-publish","hentry"],"jetpack_shortlink":"https:\/\/wp.me\/P7PAez-2l","jetpack_sharing_enabled":true,"jetpack_likes_enabled":true,"_links":{"self":[{"href":"https:\/\/esch-taunus.de\/index.php?rest_route=\/wp\/v2\/pages\/145","targetHints":{"allow":["GET"]}}],"collection":[{"href":"https:\/\/esch-taunus.de\/index.php?rest_route=\/wp\/v2\/pages"}],"about":[{"href":"https:\/\/esch-taunus.de\/index.php?rest_route=\/wp\/v2\/types\/page"}],"author":[{"embeddable":true,"href":"https:\/\/esch-taunus.de\/index.php?rest_route=\/wp\/v2\/users\/1"}],"replies":[{"embeddable":true,"href":"https:\/\/esch-taunus.de\/index.php?rest_route=%2Fwp%2Fv2%2Fcomments&post=145"}],"version-history":[{"count":2,"href":"https:\/\/esch-taunus.de\/index.php?rest_route=\/wp\/v2\/pages\/145\/revisions"}],"predecessor-version":[{"id":2598,"href":"https:\/\/esch-taunus.de\/index.php?rest_route=\/wp\/v2\/pages\/145\/revisions\/2598"}],"wp:attachment":[{"href":"https:\/\/esch-taunus.de\/index.php?rest_route=%2Fwp%2Fv2%2Fmedia&parent=145"}],"curies":[{"name":"wp","href":"https:\/\/api.w.org\/{rel}","templated":true}]}}